{"id":444,"date":"2023-09-02T12:49:33","date_gmt":"2023-09-02T10:49:33","guid":{"rendered":"https:\/\/ohndorf.de\/?page_id=444"},"modified":"2023-09-02T16:15:37","modified_gmt":"2023-09-02T14:15:37","slug":"feuerwehr-an-der-aue","status":"publish","type":"page","link":"https:\/\/ohndorf.de\/index.php\/dorfleben\/feuerwehr-an-der-aue\/","title":{"rendered":"Feuerwehr An der Aue"},"content":{"rendered":"\n<p>Von 1934 bis 2023 sorgte die Ortsfeuerwehr Ohndorf f\u00fcr den Brandschutz in und um Ohndorf. Sie war seit 1961 zusammen mit MTV und MGV fester Bestandteil der Dorfgemeinschaft und hat sich stets in den Ort eingebracht. Mit dem Zusammenschluss der Feuerwehren Horsten, Rehren, Riepen und Ohndorf zur neuen Ortsfeuerwehr An der Aue, wurde die Freiwillige Feuerwehr Ohndorf nach 89 Jahren aufgel\u00f6st.<\/p>\n\n\n\n<p>Dennoch bleibt die Feuerwehr An der Aue Bestandteil der Dorfgemeinschaft. Gem\u00e4\u00df Satzung der Dorfgemeinschaft entsendet die Feuerwehr einen Vertreter in den Vorstand. Somit bleibt sie weiterhin der Dorfgemeinschaft verbunden.<\/p>\n\n\n\n<p>Die Ortsfeuerwehr An der Aue, die nach der Rodenberger Aue benannt wurde, die alle vier Ortsteile durchflie\u00dft, wurde am 1. Juli 2023 gegr\u00fcndet. Zuvor hatten die Mitglieder und der Samtgemeinderat dieser Fusion zugestimmt. Anlass f\u00fcr den Zusammenschluss war ein 2017 verabschiedeter Brandschutzbedarfsplan und der Wunsch, die Feuerwehren in der Samtgemeinde Nenndorf zukunftsf\u00e4hig aufzustellen.<\/p>\n\n\n\n<p>Derzeit ist die Feuerwehr noch auf vier Standorte verteilt und verf\u00fcgt \u00fcber sieben Fahrzeuge. In den n\u00e4chsten Jahren soll jedoch in Ohndorf, gegen\u00fcber dem heutigen Feuerwehrhaus, ein neues Geb\u00e4ude entstehen. In diesem modernen Bau, der sich in das Dorfbild einf\u00fcgen soll, finden dann die Kinder, Jugendlichen und Aktiven, sowie die f\u00fcnf Feuerwehrfahrzeuge Platz.<\/p>\n\n\n\n<h2 class=\"wp-block-heading\"> Mitmachen!<\/h2>\n\n\n\n<div class=\"wp-block-stackable-feature stk-block-feature stk-block stk-1150bcc is-style-default\" data-v=\"2\" data-block-id=\"1150bcc\"><div class=\"stk-content-align stk-1150bcc-column stk-container stk-1150bcc-container stk--no-background stk--no-padding\"><div class=\"stk-inner-blocks stk-block-content stk-row\">\n<div class=\"wp-block-stackable-column stk-block-column stk-column stk-block stk-032c3de\" data-v=\"4\" data-block-id=\"032c3de\"><style>.stk-032c3de{align-self:center !important}<\/style><div class=\"stk-column-wrapper stk-block-column__content stk-container stk-032c3de-container stk--no-background stk--no-padding\"><div class=\"stk-block-content stk-inner-blocks stk-032c3de-inner-blocks\">\n<div class=\"wp-block-stackable-heading stk-block-heading stk-block-heading--v2 stk-block stk-87e6b02\" id=\"kinderfeuerwehr\" data-block-id=\"87e6b02\"><h2 class=\"stk-block-heading__text\">Kinderfeuerwehr<\/h2><\/div>\n\n\n\n<div class=\"wp-block-stackable-text stk-block-text stk-block stk-15f3895\" data-block-id=\"15f3895\"><p class=\"stk-block-text__text\">Kinder ab sechs Jahren k\u00f6nnen in der Kinderfeuerwehr mitmachen. Der Fokus liegt auf Spiel und Spa\u00df, aber Themen wie Notruf, Erste Hilfe und Brandschutzerziehung stehen nat\u00fcrlich auch auf dem Programm.<\/p><\/div>\n<\/div><\/div><\/div>\n\n\n\n<div class=\"wp-block-stackable-column stk-block-column stk-column stk-block stk-b3f3b86\" data-v=\"4\" data-block-id=\"b3f3b86\"><style>.stk-b3f3b86{align-self:center !important}<\/style><div class=\"stk-column-wrapper stk-block-column__content stk-container stk-b3f3b86-container stk--no-background stk--no-padding\"><div class=\"stk-block-content stk-inner-blocks stk-b3f3b86-inner-blocks\">\n<div class=\"wp-block-stackable-image stk-block-image stk-block stk-43654a1\" data-block-id=\"43654a1\"><figure class=\"stk-img-wrapper stk-image--shape-stretch\"><img loading=\"lazy\" decoding=\"async\" class=\"stk-img wp-image-445\" src=\"https:\/\/ohndorf.de\/wp-content\/uploads\/2023\/09\/Kinderfeuerwehr_GruFoto.jpg\" width=\"2048\" height=\"1536\" srcset=\"https:\/\/ohndorf.de\/wp-content\/uploads\/2023\/09\/Kinderfeuerwehr_GruFoto.jpg 2048w, https:\/\/ohndorf.de\/wp-content\/uploads\/2023\/09\/Kinderfeuerwehr_GruFoto-300x225.jpg 300w, https:\/\/ohndorf.de\/wp-content\/uploads\/2023\/09\/Kinderfeuerwehr_GruFoto-1024x768.jpg 1024w, https:\/\/ohndorf.de\/wp-content\/uploads\/2023\/09\/Kinderfeuerwehr_GruFoto-768x576.jpg 768w, https:\/\/ohndorf.de\/wp-content\/uploads\/2023\/09\/Kinderfeuerwehr_GruFoto-1536x1152.jpg 1536w, https:\/\/ohndorf.de\/wp-content\/uploads\/2023\/09\/Kinderfeuerwehr_GruFoto-400x300.jpg 400w\" sizes=\"auto, (max-width: 2048px) 100vw, 2048px\" \/><\/figure><\/div>\n<\/div><\/div><\/div>\n<\/div><\/div><\/div>\n\n\n\n<div class=\"wp-block-stackable-feature stk-block-feature stk-block stk-0980ae8 is-style-default\" data-v=\"2\" data-block-id=\"0980ae8\"><div class=\"stk-content-align stk-0980ae8-column stk-container stk-0980ae8-container stk--no-background stk--no-padding\"><div class=\"stk-inner-blocks stk-block-content stk-row\">\n<div class=\"wp-block-stackable-column stk-block-column stk-column stk-block stk-a0cfdde\" data-v=\"4\" data-block-id=\"a0cfdde\"><style>.stk-a0cfdde{align-self:center !important}<\/style><div class=\"stk-column-wrapper stk-block-column__content stk-container stk-a0cfdde-container stk--no-background stk--no-padding\"><div class=\"stk-block-content stk-inner-blocks stk-a0cfdde-inner-blocks\">\n<div class=\"wp-block-stackable-heading stk-block-heading stk-block-heading--v2 stk-block stk-bf4d71c\" id=\"jugendfeuerwehr\" data-block-id=\"bf4d71c\"><h2 class=\"stk-block-heading__text\">Jugendfeuerwehr<\/h2><\/div>\n\n\n\n<div class=\"wp-block-stackable-text stk-block-text stk-block stk-790b297\" data-block-id=\"790b297\"><p class=\"stk-block-text__text\">Jungen und M\u00e4dchen zwischen zehn und 18 Jahren k\u00f6nnen Mitglied der Jugendfeuerwehr werden. Die regelm\u00e4\u00dfigen Dienste teilen sich zu etwa gleichen Teilen in feuerwehrtechnische Ausbildung und allgemeine Jugendarbeit. H\u00f6hepunkte sind die Zeltlager, in denen die Jugendlichen Gemeinschaft erleben k\u00f6nnen.<\/p><\/div>\n<\/div><\/div><\/div>\n\n\n\n<div class=\"wp-block-stackable-column stk-block-column stk-column stk-block stk-cce87d3\" data-v=\"4\" data-block-id=\"cce87d3\"><style>.stk-cce87d3{align-self:center !important}<\/style><div class=\"stk-column-wrapper stk-block-column__content stk-container stk-cce87d3-container stk--no-background stk--no-padding\"><div class=\"stk-block-content stk-inner-blocks stk-cce87d3-inner-blocks\">\n<div class=\"wp-block-stackable-image stk-block-image stk-block stk-eca8999\" data-block-id=\"eca8999\"><figure class=\"stk-img-wrapper stk-image--shape-stretch\"><img loading=\"lazy\" decoding=\"async\" class=\"stk-img wp-image-446\" src=\"https:\/\/ohndorf.de\/wp-content\/uploads\/2023\/09\/2023_Gruppenfoto_Kreiszeltlager.jpg\" width=\"2048\" height=\"1536\" srcset=\"https:\/\/ohndorf.de\/wp-content\/uploads\/2023\/09\/2023_Gruppenfoto_Kreiszeltlager.jpg 2048w, https:\/\/ohndorf.de\/wp-content\/uploads\/2023\/09\/2023_Gruppenfoto_Kreiszeltlager-300x225.jpg 300w, https:\/\/ohndorf.de\/wp-content\/uploads\/2023\/09\/2023_Gruppenfoto_Kreiszeltlager-1024x768.jpg 1024w, https:\/\/ohndorf.de\/wp-content\/uploads\/2023\/09\/2023_Gruppenfoto_Kreiszeltlager-768x576.jpg 768w, https:\/\/ohndorf.de\/wp-content\/uploads\/2023\/09\/2023_Gruppenfoto_Kreiszeltlager-1536x1152.jpg 1536w, https:\/\/ohndorf.de\/wp-content\/uploads\/2023\/09\/2023_Gruppenfoto_Kreiszeltlager-400x300.jpg 400w\" sizes=\"auto, (max-width: 2048px) 100vw, 2048px\" \/><\/figure><\/div>\n<\/div><\/div><\/div>\n<\/div><\/div><\/div>\n\n\n\n<div class=\"wp-block-stackable-feature stk-block-feature stk-block stk-7bc5144 is-style-default\" data-v=\"2\" data-block-id=\"7bc5144\"><div class=\"stk-content-align stk-7bc5144-column stk-container stk-7bc5144-container stk--no-background stk--no-padding\"><div class=\"stk-inner-blocks stk-block-content stk-row\">\n<div class=\"wp-block-stackable-column stk-block-column stk-column stk-block stk-c5f4764\" data-v=\"4\" data-block-id=\"c5f4764\"><style>.stk-c5f4764{align-self:center !important}<\/style><div class=\"stk-column-wrapper stk-block-column__content stk-container stk-c5f4764-container stk--no-background stk--no-padding\"><div class=\"stk-block-content stk-inner-blocks stk-c5f4764-inner-blocks\">\n<div class=\"wp-block-stackable-heading stk-block-heading stk-block-heading--v2 stk-block stk-9bd911c\" id=\"einsatzabteilung\" data-block-id=\"9bd911c\"><h2 class=\"stk-block-heading__text\">Einsatzabteilung<\/h2><\/div>\n\n\n\n<div class=\"wp-block-stackable-text stk-block-text stk-block stk-a38ff9f\" data-block-id=\"a38ff9f\"><p class=\"stk-block-text__text\">Ab 16 Jahren kann man Mitglied der Einsatzabteilung werden. Auf die Einsatzkr\u00e4fte wartet ein interessantes Dienstgeschehen, aber auch Eins\u00e4tze, die zu jeder Tages- und Nachtzeit erfolgen k\u00f6nnen.<\/p><\/div>\n<\/div><\/div><\/div>\n\n\n\n<div class=\"wp-block-stackable-column stk-block-column stk-column stk-block stk-38fa326\" data-v=\"4\" data-block-id=\"38fa326\"><style>.stk-38fa326{align-self:center !important}<\/style><div class=\"stk-column-wrapper stk-block-column__content stk-container stk-38fa326-container stk--no-background stk--no-padding\"><div class=\"stk-block-content stk-inner-blocks stk-38fa326-inner-blocks\">\n<div class=\"wp-block-stackable-image stk-block-image stk-block stk-b0b8042\" data-block-id=\"b0b8042\"><figure class=\"stk-img-wrapper stk-image--shape-stretch\"><img loading=\"lazy\" decoding=\"async\" class=\"stk-img wp-image-447\" src=\"https:\/\/ohndorf.de\/wp-content\/uploads\/2023\/09\/23-05-17_Fahrzeuge.jpg\" width=\"1500\" height=\"1125\" srcset=\"https:\/\/ohndorf.de\/wp-content\/uploads\/2023\/09\/23-05-17_Fahrzeuge.jpg 1500w, https:\/\/ohndorf.de\/wp-content\/uploads\/2023\/09\/23-05-17_Fahrzeuge-300x225.jpg 300w, https:\/\/ohndorf.de\/wp-content\/uploads\/2023\/09\/23-05-17_Fahrzeuge-1024x768.jpg 1024w, https:\/\/ohndorf.de\/wp-content\/uploads\/2023\/09\/23-05-17_Fahrzeuge-768x576.jpg 768w, https:\/\/ohndorf.de\/wp-content\/uploads\/2023\/09\/23-05-17_Fahrzeuge-400x300.jpg 400w\" sizes=\"auto, (max-width: 1500px) 100vw, 1500px\" \/><\/figure><\/div>\n<\/div><\/div><\/div>\n<\/div><\/div><\/div>\n\n\n\n<div class=\"wp-block-stackable-divider stk-block-divider stk-block stk-dc145fa is-style-bar\" data-block-id=\"dc145fa\"><style>.stk-dc145fa hr.stk-block-divider__hr{background:#ff6900 !important}<\/style><hr class=\"stk-block-divider__hr\"\/><\/div>\n\n\n\n<div class=\"wp-block-stackable-call-to-action stk-block-call-to-action stk-block stk-593bee3 is-style-default\" data-v=\"2\" data-block-id=\"593bee3\"><div class=\"stk-block-call-to-action__content stk-content-align stk-593bee3-column stk-container stk-593bee3-container stk-hover-parent\"><div class=\"has-text-align-center stk-block-content stk-inner-blocks stk-593bee3-inner-blocks\">\n<div class=\"wp-block-stackable-heading stk-block-heading stk-block-heading--v2 stk-block stk-5164bd8\" id=\"interesse-an-der-feuerwehr\" data-block-id=\"5164bd8\"><h3 class=\"stk-block-heading__text\">Interesse an der Feuerwehr?<\/h3><\/div>\n\n\n\n<div class=\"wp-block-stackable-text stk-block-text stk-block stk-9bc60c3\" data-block-id=\"9bc60c3\"><p class=\"stk-block-text__text\">Alle Informationen rund um die Feuerwehr An der Aue, inkl. Pl\u00e4nen, Terminen und Ansprechpartnern, erhalten Sie auf der Website der Feuerwehr. Dazu gibt es aktuelle Berichte und interessante Fakten rund um den Brandschutz an der Aue.<\/p><\/div>\n\n\n\n<div class=\"wp-block-stackable-button-group stk-block-button-group stk-block stk-25365c1\" data-block-id=\"25365c1\"><div class=\"stk-row stk-inner-blocks stk-block-content stk-button-group\">\n<div class=\"wp-block-stackable-button stk-block-button stk-block stk-030d49e\" data-block-id=\"030d49e\"><style>.stk-030d49e .stk-button{background:#ff6900 !important;border-radius:5px !important}<\/style><a class=\"stk-link stk-button stk--hover-effect-lift\" href=\"https:\/\/feuerwehr-anderaue.de\" target=\"_blank\" rel=\"noreferrer noopener\"><span class=\"stk--svg-wrapper\"><div class=\"stk--inner-svg\"><svg aria-hidden=\"true\" focusable=\"false\" data-prefix=\"fas\" data-icon=\"arrow-circle-right\" class=\"svg-inline--fa fa-arrow-circle-right fa-w-16\" xmlns=\"http:\/\/www.w3.org\/2000\/svg\" viewBox=\"0 0 512 512\" width=\"32\" height=\"32\"><path fill=\"currentColor\" d=\"M256 8c137 0 248 111 248 248S393 504 256 504 8 393 8 256 119 8 256 8zm-28.9 143.6l75.5 72.4H120c-13.3 0-24 10.7-24 24v16c0 13.3 10.7 24 24 24h182.6l-75.5 72.4c-9.7 9.3-9.9 24.8-.4 34.3l11 10.9c9.4 9.4 24.6 9.4 33.9 0L404.3 273c9.4-9.4 9.4-24.6 0-33.9L271.6 106.3c-9.4-9.4-24.6-9.4-33.9 0l-11 10.9c-9.5 9.6-9.3 25.1.4 34.4z\"><\/path><\/svg><\/div><\/span><span class=\"stk-button__inner-text\">Website der Feuerwehr An der Aue besuchen<\/span><\/a><\/div>\n<\/div><\/div>\n<\/div><\/div><\/div>\n","protected":false},"excerpt":{"rendered":"<p>Von 1934 bis 2023 sorgte die Ortsfeuerwehr Ohndorf f\u00fcr den Brandschutz in und um Ohndorf. Sie war seit 1961 zusammen mit MTV und MGV fester Bestandteil der Dorfgemeinschaft und hat sich stets in den Ort &hellip;<\/p>\n<p class=\"read-more\"> <a class=\"\" href=\"https:\/\/ohndorf.de\/index.php\/dorfleben\/feuerwehr-an-der-aue\/\"> <span class=\"screen-reader-text\">Feuerwehr An der Aue<\/span> weiterlesen<\/a><\/p>\n","protected":false},"author":1,"featured_media":0,"parent":426,"menu_order":0,"comment_status":"closed","ping_status":"closed","template":"","meta":{"_uag_custom_page_level_css":"","site-sidebar-layout":"default","site-content-layout":"default","ast-global-header-display":"","ast-main-header-display":"","ast-hfb-above-header-display":"","ast-hfb-below-header-display":"","ast-hfb-mobile-header-display":"","site-post-title":"","ast-breadcrumbs-content":"","ast-featured-img":"","footer-sml-layout":"","theme-transparent-header-meta":"","adv-header-id-meta":"","stick-header-meta":"","header-above-stick-meta":"","header-main-stick-meta":"","header-below-stick-meta":"","footnotes":""},"class_list":["post-444","page","type-page","status-publish","hentry"],"uagb_featured_image_src":{"full":false,"thumbnail":false,"medium":false,"medium_large":false,"large":false,"1536x1536":false,"2048x2048":false,"fpw_square":false,"fpw_banner":false,"fpw_big":false},"uagb_author_info":{"display_name":"Marco Thiele","author_link":"https:\/\/ohndorf.de\/index.php\/author\/mthiele\/"},"uagb_comment_info":0,"uagb_excerpt":"Von 1934 bis 2023 sorgte die Ortsfeuerwehr Ohndorf f\u00fcr den Brandschutz in und um Ohndorf. Sie war seit 1961 zusammen mit MTV und MGV fester Bestandteil der Dorfgemeinschaft und hat sich stets in den Ort &hellip; Feuerwehr An der Aue weiterlesen","_links":{"self":[{"href":"https:\/\/ohndorf.de\/index.php\/wp-json\/wp\/v2\/pages\/444","targetHints":{"allow":["GET"]}}],"collection":[{"href":"https:\/\/ohndorf.de\/index.php\/wp-json\/wp\/v2\/pages"}],"about":[{"href":"https:\/\/ohndorf.de\/index.php\/wp-json\/wp\/v2\/types\/page"}],"author":[{"embeddable":true,"href":"https:\/\/ohndorf.de\/index.php\/wp-json\/wp\/v2\/users\/1"}],"replies":[{"embeddable":true,"href":"https:\/\/ohndorf.de\/index.php\/wp-json\/wp\/v2\/comments?post=444"}],"version-history":[{"count":1,"href":"https:\/\/ohndorf.de\/index.php\/wp-json\/wp\/v2\/pages\/444\/revisions"}],"predecessor-version":[{"id":448,"href":"https:\/\/ohndorf.de\/index.php\/wp-json\/wp\/v2\/pages\/444\/revisions\/448"}],"up":[{"embeddable":true,"href":"https:\/\/ohndorf.de\/index.php\/wp-json\/wp\/v2\/pages\/426"}],"wp:attachment":[{"href":"https:\/\/ohndorf.de\/index.php\/wp-json\/wp\/v2\/media?parent=444"}],"curies":[{"name":"wp","href":"https:\/\/api.w.org\/{rel}","templated":true}]}}